{"id":1819,"date":"2020-12-15T15:55:07","date_gmt":"2020-12-15T15:55:07","guid":{"rendered":"http:\/\/geekecuador.com\/portal_redd\/?page_id=1819"},"modified":"2023-08-18T16:10:20","modified_gmt":"2023-08-18T16:10:20","slug":"planes-de-implementacion","status":"publish","type":"page","link":"https:\/\/reddecuador.ambiente.gob.ec\/redd\/?page_id=1819","title":{"rendered":"Planes de Implementaci\u00f3n"},"content":{"rendered":"<h4><img loading=\"lazy\" decoding=\"async\" class=\"alignnone size-full wp-image-311\" src=\"\/redd\/wp-content\/uploads\/01bullet_azul.png\" alt=\"\" width=\"12\" height=\"60\" \/> <strong>Planes de Implementaci\u00f3n<\/strong><\/h4>\n<div>\n<p><strong>Los Planes de Implementaci\u00f3n de Medidas y Acciones<\/strong> son documentos de planificaci\u00f3n que tienen como objetivo principal aportar en la implementaci\u00f3n del Plan de Acci\u00f3n REDD+ y su operativizaci\u00f3n. Estos planes pueden ser elaborados e implementados por instituciones p\u00fablicas y\/o privadas que buscan vincular acciones propias para la reducci\u00f3n de emisiones por deforestaci\u00f3n y degradaci\u00f3n forestal.<\/p>\n<p>La instituci\u00f3n que ejecuto los Planes de Implementaci\u00f3n se convierte en socio implementador del Plan de Acci\u00f3n REDD+,\u00a0 \u00e9ste tiene como responsabilidad incorporar criterios de Cambio Clim\u00e1tico (REDD+ dentro de las actividades y resultados de su modelo de gesti\u00f3n). El objetivo de los Planes de Implementaci\u00f3n es plasmar medidas y acciones que aporten a disminuir la presi\u00f3n sobre los bosques del pa\u00eds.<\/p>\n<\/div>\n<p><a href=\"http:\/\/certificacionpuntoverde.ambiente.gob.ec\/libraries\/EAlfresco.php\/?doc=03848f60-2260-49e5-8828-42bdd150a3ba\"><img decoding=\"async\" src=\"\/redd\/wp-content\/uploads\/descarga_acuerdo_ministerial.jpg\" alt=\"\"><\/a><\/p>\n<h4><strong><img loading=\"lazy\" decoding=\"async\" class=\"alignnone size-full wp-image-393\" src=\"\/redd\/wp-content\/uploads\/01bullet_blanca.png\" alt=\"\" width=\"12\" height=\"60\" \/>\u00a0Estructura del plan de implementaci\u00f3n<\/strong><\/h4>\n<div>\n<p>La estructura del plan de implementaci\u00f3n contiene 7 cap\u00edtulos: antecedentes, objetivos, implementaci\u00f3n, cobeneficios, riesgos sociales y ambientales, actores y fuentes de financiamiento. Adicionalmente, los Planes de Implementaci\u00f3n consideran de forma transversal criterios de salvaguardas sociales y ambientales, enfoque de g\u00e9nero, monitoreo y sostenibilidad.<\/p>\n<ul>\n<li><a href=\"http:\/\/certificacionpuntoverde.ambiente.gob.ec\/libraries\/EAlfresco.php\/?doc=1ff933c2-f8f0-4b21-8462-da7ee13ca601\" target=\"_blank\" rel=\"noopener\">Formato de Planes de Implementaci\u00f3n<\/a><\/li>\n<li>Portafolio de Planes de Implementaci\u00f3n<\/li>\n<li>Registrar sus Planes de Implementaci\u00f3n<\/li>\n<\/ul>\n<\/div>\n<p><img decoding=\"async\" src=\"\/redd\/wp-content\/uploads\/planes-implementacion.jpg\" alt=\"\"><\/p>\n<h4><img loading=\"lazy\" decoding=\"async\" class=\"alignnone size-full wp-image-297\" src=\"\/redd\/wp-content\/uploads\/01bullet_naranja.png\" alt=\"\" width=\"12\" height=\"60\" \/> Portafolio de Planes de Implementaci\u00f3n<\/h4>\n<div>\n<p>Los Planes de Implementaci\u00f3n elaborados forman parte de un portafolio de proyectos con los cuales cuenta el pa\u00eds para su financiamiento e implementaci\u00f3n del Plan de Acci\u00f3n REDD+. Estos han sido desarrollados con diferentes socios implementadores, algunos Planes de Implementaci\u00f3n ya cuentan con financiamiento y otros cuentan con financiamiento parcial. Los Planes de Implementaci\u00f3n que son elaborados pasan por un proceso de revisi\u00f3n y aprobaci\u00f3n del MAATE, para luego ser registrados y formar parte de este portafolio con el objetivo de identificar la fuente de financiamiento adecuada para cada uno de ellos.<\/p>\n<\/div>\n<h5>Planes de Implementaci\u00f3n Financiados<\/h5>\n<div>\n<p><strong>N\u00famero de Plan<\/strong><\/p>\n<\/div>\n<div>\n<p><strong>Plan de Implementaci\u00f3n<\/strong><\/p>\n<\/div>\n<div>\n<p><strong>Socios Implementadores<\/strong><\/p>\n<\/div>\n<div>\n<p>1<\/p>\n<\/div>\n<div>\n<p>Conservaci\u00f3n, restauraci\u00f3n y manejo de ecosistemas en cuencas orientales que aportan con agua a Quito<\/p>\n<\/div>\n<div>\n<p>FONAG<\/p>\n<\/div>\n<div>\n<p>2<\/p>\n<\/div>\n<div>\n<p>Conservaci\u00f3n del recurso h\u00eddrico y entorno ecol\u00f3gico en la cuenca del R\u00edo Paute<\/p>\n<\/div>\n<div>\n<p>FONAPA<\/p>\n<\/div>\n<div>\n<p>3<\/p>\n<\/div>\n<div>\n<p>Creaci\u00f3n, ampliaci\u00f3n, manejo y monitoreo de las \u00e1reas de reservas de los GAD en las provincias de Loja y Zamora<\/p>\n<\/div>\n<div>\n<p>FORAGUA<\/p>\n<\/div>\n<div>\n<p>4<\/p>\n<\/div>\n<div>\n<p>Mitigar la deforestaci\u00f3n y degradaci\u00f3n de los bosques nativos mediante la implementaci\u00f3n de un modelo de gesti\u00f3n forestal sostenible<\/p>\n<\/div>\n<div>\n<p>VERDECANANDE S.A.<\/p>\n<\/div>\n<h5>Planes de Implementaci\u00f3n Parcialmente Financiados<\/h5>\n<div>\n<p><strong>N\u00famero de Plan<\/strong><\/p>\n<\/div>\n<div>\n<p><strong>Plan de Implementaci\u00f3n<\/strong><\/p>\n<\/div>\n<div>\n<p><strong>Socios Implementadores<\/strong><\/p>\n<\/div>\n<div>\n<p>5<\/p>\n<\/div>\n<div>\n<p>Gesti\u00f3n Hol\u00edstica de los Bosques, Biodiversidad y Territorios en las Nacionalidades Amaz\u00f3nicas para combatir el Cambio Clim\u00e1tico<\/p>\n<\/div>\n<div>\n<p>Confederaci\u00f3n de Nacionalidades Ind\u00edgenas Amaz\u00f3nicas del Ecuador (CONFENIAE)<\/p>\n<\/div>\n<div>\n<p>6<\/p>\n<\/div>\n<div>\n<p>Proyecto Agroforestal San Pablo del Lago<\/p>\n<\/div>\n<div>\n<p>Consorcio GS Agroforestal San Pablo del Lago<\/p>\n<\/div>\n<div>\n<p>7<\/p>\n<\/div>\n<div>\n<p>Plan de Implementaci\u00f3n de la Provincia de Pastaza<\/p>\n<\/div>\n<div>\n<p>Gobierno Aut\u00f3nomo Descentralizado Provincial de Pastaza<\/p>\n<\/div>\n<p><!--more--><br \/>\n<!-- {\"name\":\"que es\",\"type\":\"layout\",\"children\":[{\"type\":\"section\",\"props\":{\"style\":\"muted\",\"width\":\"default\",\"vertical_align\":\"middle\",\"title_position\":\"top-left\",\"title_rotation\":\"left\",\"title_breakpoint\":\"xl\",\"image_position\":\"center-center\",\"padding\":\"xsmall\",\"animation\":\"slide-top-medium\",\"animation_delay\":\"200\"},\"children\":[{\"type\":\"row\",\"props\":{\"layout\":\"1-2,1-2\"},\"children\":[{\"type\":\"column\",\"props\":{\"image_position\":\"center-center\",\"media_overlay_gradient\":\"\",\"width_medium\":\"1-2\"},\"children\":[{\"type\":\"headline\",\"props\":{\"title_element\":\"h4\",\"title_style\":\"h4\",\"content\":\"<img class=\\\"alignnone size-full wp-image-311\\\" src=\\\"wp-content\\\/uploads\\\/01bullet_azul.png\\\" alt=\\\"\\\" width=\\\"12\\\" height=\\\"60\\\" \\\/> <strong>Planes de Implementaci\\u00f3n<\\\/strong>\"}},{\"type\":\"text\",\"props\":{\"margin\":\"default\",\"column_breakpoint\":\"m\",\"text_align\":\"justify\",\"content\":\"\n\n<p><strong>Los Planes de Implementaci\\u00f3n de Medidas y Acciones<\\\/strong> son documentos de planificaci\\u00f3n que tienen como objetivo principal aportar en la implementaci\\u00f3n del Plan de Acci\\u00f3n REDD+ y su operativizaci\\u00f3n. Estos planes pueden ser elaborados e implementados por instituciones p\\u00fablicas y\\\/o privadas que buscan vincular acciones propias para la reducci\\u00f3n de emisiones por deforestaci\\u00f3n y degradaci\\u00f3n forestal.<\\\/p>\\n\n\n<p>La instituci\\u00f3n que ejecuto los Planes de Implementaci\\u00f3n se convierte en socio implementador del Plan de Acci\\u00f3n REDD+,\\u00a0 \\u00e9ste tiene como responsabilidad incorporar criterios de Cambio Clim\\u00e1tico (REDD+ dentro de las actividades y resultados de su modelo de gesti\\u00f3n). El objetivo de los Planes de Implementaci\\u00f3n es plasmar medidas y acciones que aporten a disminuir la presi\\u00f3n sobre los bosques del pa\\u00eds.<\\\/p>\"}}]},{\"type\":\"column\",\"props\":{\"image_position\":\"center-center\",\"media_overlay_gradient\":\"\",\"vertical_align\":\"middle\",\"width_medium\":\"1-2\"},\"children\":[{\"type\":\"image\",\"props\":{\"margin\":\"default\",\"image_svg_color\":\"emphasis\",\"image\":\"wp-content\\\/uploads\\\/descarga_acuerdo_ministerial.jpg\",\"text_align\":\"center\",\"link\":\"http:\\\/\\\/certificacionpuntoverde.ambiente.gob.ec\\\/libraries\\\/EAlfresco.php\\\/?doc=03848f60-2260-49e5-8828-42bdd150a3ba\",\"link_target\":\"blank\"}}]}]}]},{\"type\":\"section\",\"props\":{\"style\":\"secondary\",\"width\":\"default\",\"vertical_align\":\"middle\",\"title_position\":\"top-left\",\"title_rotation\":\"left\",\"title_breakpoint\":\"xl\",\"image_position\":\"center-center\",\"padding\":\"xsmall\"},\"children\":[{\"type\":\"row\",\"children\":[{\"type\":\"column\",\"props\":{\"image_position\":\"center-center\",\"media_overlay_gradient\":\"\",\"width_medium\":\"1-1\"},\"children\":[{\"type\":\"headline\",\"props\":{\"title_element\":\"h4\",\"text_align\":\"center\",\"content\":\"<strong><img class=\\\"alignnone size-full wp-image-393\\\" src=\\\"wp-content\\\/uploads\\\/01bullet_blanca.png\\\" alt=\\\"\\\" width=\\\"12\\\" height=\\\"60\\\" \\\/>\\u00a0Estructura del plan de implementaci\\u00f3n<\\\/strong>\"}}]}]}]},{\"type\":\"section\",\"props\":{\"style\":\"default\",\"width\":\"default\",\"vertical_align\":\"middle\",\"title_position\":\"top-left\",\"title_rotation\":\"left\",\"title_breakpoint\":\"xl\",\"image_position\":\"center-center\",\"padding\":\"small\",\"animation\":\"slide-bottom-medium\",\"padding_remove_bottom\":true,\"animation_delay\":\"200\"},\"children\":[{\"type\":\"row\",\"props\":{\"layout\":\"2-5,3-5\",\"divider\":false},\"children\":[{\"type\":\"column\",\"props\":{\"image_position\":\"center-center\",\"media_overlay_gradient\":\"\",\"vertical_align\":\"middle\",\"width_medium\":\"2-5\"},\"children\":[{\"type\":\"text\",\"props\":{\"margin\":\"default\",\"column_breakpoint\":\"m\",\"text_align\":\"justify\",\"content\":\"\n\n<p>La estructura del plan de implementaci\\u00f3n contiene 7 cap\\u00edtulos: antecedentes, objetivos, implementaci\\u00f3n, cobeneficios, riesgos sociales y ambientales, actores y fuentes de financiamiento. Adicionalmente, los Planes de Implementaci\\u00f3n consideran de forma transversal criterios de salvaguardas sociales y ambientales, enfoque de g\\u00e9nero, monitoreo y sostenibilidad.<\\\/p>\\n\n\n<ul>\\n\n\n<li><a href=\\\"http:\\\/\\\/certificacionpuntoverde.ambiente.gob.ec\\\/libraries\\\/EAlfresco.php\\\/?doc=1ff933c2-f8f0-4b21-8462-da7ee13ca601\\\" target=\\\"_blank\\\" rel=\\\"noopener\\\">Formato de Planes de Implementaci\\u00f3n<\\\/a><\\\/li>\\n\n\n<li>Portafolio de Planes de Implementaci\\u00f3n<\\\/li>\\n\n\n<li>Registrar sus Planes de Implementaci\\u00f3n<\\\/li>\\n<\\\/ul>\"}}]},{\"type\":\"column\",\"props\":{\"image_position\":\"center-center\",\"media_overlay_gradient\":\"\",\"width_medium\":\"3-5\"},\"children\":[{\"type\":\"image\",\"props\":{\"margin\":\"default\",\"image_svg_color\":\"emphasis\",\"image\":\"wp-content\\\/uploads\\\/planes-implementacion.jpg\"}}]}]}]},{\"type\":\"section\",\"props\":{\"style\":\"default\",\"width\":\"xlarge\",\"vertical_align\":\"middle\",\"title_position\":\"top-left\",\"title_rotation\":\"left\",\"title_breakpoint\":\"xl\",\"image_position\":\"center-center\",\"padding\":\"xsmall\",\"padding_remove_top\":true},\"children\":[{\"type\":\"row\",\"children\":[{\"type\":\"column\",\"props\":{\"image_position\":\"center-center\",\"media_overlay_gradient\":\"\",\"width_medium\":\"1-1\"},\"children\":[{\"type\":\"divider\",\"props\":{\"divider_element\":\"div\",\"divider_style\":\"icon\",\"divider_align\":\"\",\"divider_align_breakpoint\":\"\",\"divider_align_fallback\":\"\"}}]}]}]},{\"type\":\"section\",\"props\":{\"style\":\"default\",\"width\":\"xlarge\",\"vertical_align\":\"middle\",\"title_position\":\"top-left\",\"title_rotation\":\"left\",\"title_breakpoint\":\"xl\",\"image_position\":\"center-center\",\"padding\":\"xsmall\",\"padding_remove_top\":true},\"children\":[{\"type\":\"row\",\"children\":[{\"type\":\"column\",\"props\":{\"image_position\":\"center-center\",\"media_overlay_gradient\":\"\",\"width_medium\":\"1-1\"},\"children\":[{\"type\":\"headline\",\"props\":{\"title_element\":\"h4\",\"text_align\":\"center\",\"content\":\"<img class=\\\"alignnone size-full wp-image-297\\\" src=\\\"wp-content\\\/uploads\\\/01bullet_naranja.png\\\" alt=\\\"\\\" width=\\\"12\\\" height=\\\"60\\\" \\\/> Portafolio de Planes de Implementaci\\u00f3n\"}}]}]}]},{\"type\":\"section\",\"props\":{\"style\":\"default\",\"width\":\"default\",\"vertical_align\":\"middle\",\"title_position\":\"top-left\",\"title_rotation\":\"left\",\"title_breakpoint\":\"xl\",\"image_position\":\"center-center\",\"padding_remove_top\":true,\"padding\":\"xsmall\"},\"children\":[{\"type\":\"row\",\"children\":[{\"type\":\"column\",\"props\":{\"image_position\":\"center-center\",\"media_overlay_gradient\":\"\"},\"children\":[{\"type\":\"text\",\"props\":{\"margin\":\"default\",\"column_breakpoint\":\"m\",\"content\":\"\n\n<p>Los Planes de Implementaci\\u00f3n elaborados forman parte de un portafolio de proyectos con los cuales cuenta el pa\\u00eds para su financiamiento e implementaci\\u00f3n del Plan de Acci\\u00f3n REDD+. Estos han sido desarrollados con diferentes socios implementadores, algunos Planes de Implementaci\\u00f3n ya cuentan con financiamiento y otros cuentan con financiamiento parcial. Los Planes de Implementaci\\u00f3n que son elaborados pasan por un proceso de revisi\\u00f3n y aprobaci\\u00f3n del MAATE, para luego ser registrados y formar parte de este portafolio con el objetivo de identificar la fuente de financiamiento adecuada para cada uno de ellos.<\\\/p>\",\"text_align\":\"justify\"}}]}]}]},{\"type\":\"section\",\"props\":{\"style\":\"default\",\"width\":\"default\",\"vertical_align\":\"middle\",\"title_position\":\"top-left\",\"title_rotation\":\"left\",\"title_breakpoint\":\"xl\",\"image_position\":\"center-center\",\"padding_remove_bottom\":true,\"padding\":\"xsmall\"},\"children\":[{\"type\":\"row\",\"children\":[{\"type\":\"column\",\"props\":{\"image_position\":\"center-center\",\"media_overlay_gradient\":\"\",\"style\":\"secondary\",\"padding\":\"xsmall\"},\"children\":[{\"type\":\"headline\",\"props\":{\"title_element\":\"h5\",\"content\":\"Planes de Implementaci\\u00f3n Financiados\",\"title_font_family\":\"primary\",\"title_style\":\"h5\",\"text_align\":\"center\"}}]}]}]},{\"type\":\"section\",\"props\":{\"style\":\"default\",\"width\":\"default\",\"vertical_align\":\"middle\",\"title_position\":\"top-left\",\"title_rotation\":\"left\",\"title_breakpoint\":\"xl\",\"image_position\":\"center-center\",\"padding_remove_top\":true,\"padding\":\"xsmall\",\"padding_remove_bottom\":true},\"children\":[{\"type\":\"row\",\"props\":{\"layout\":\"1-4,1-2,1-4\",\"row_gap\":\"small\",\"divider\":false,\"match\":false,\"column_gap\":\"small\"},\"children\":[{\"type\":\"column\",\"props\":{\"image_position\":\"center-center\",\"media_overlay_gradient\":\"\",\"width_medium\":\"1-4\",\"style\":\"primary\",\"padding\":\"xsmall\"},\"children\":[{\"type\":\"text\",\"props\":{\"margin\":\"default\",\"column_breakpoint\":\"m\",\"content\":\"\n\n<p><strong>N\\u00famero de Plan<\\\/strong><\\\/p>\",\"text_align\":\"center\",\"css\":\".el-element {color: #fff;}\"}}]},{\"type\":\"column\",\"props\":{\"image_position\":\"center-center\",\"media_overlay_gradient\":\"\",\"width_medium\":\"1-2\",\"style\":\"primary\",\"padding\":\"xsmall\"},\"children\":[{\"type\":\"text\",\"props\":{\"margin\":\"default\",\"column_breakpoint\":\"m\",\"content\":\"\n\n<p><strong>Plan de Implementaci\\u00f3n<\\\/strong><\\\/p>\",\"text_align\":\"center\",\"css\":\".el-element {color: #fff;}\"}}]},{\"type\":\"column\",\"props\":{\"image_position\":\"center-center\",\"media_overlay_gradient\":\"\",\"width_medium\":\"1-4\",\"style\":\"primary\",\"padding\":\"xsmall\",\"preserve_color\":false},\"children\":[{\"type\":\"text\",\"props\":{\"margin\":\"default\",\"column_breakpoint\":\"m\",\"content\":\"\n\n<p><strong>Socios Implementadores<\\\/strong><\\\/p>\",\"text_align\":\"center\",\"css\":\".el-element {color: #fff;}\"}}]}]}]},{\"type\":\"section\",\"props\":{\"style\":\"default\",\"width\":\"default\",\"vertical_align\":\"middle\",\"title_position\":\"top-left\",\"title_rotation\":\"left\",\"title_breakpoint\":\"xl\",\"image_position\":\"center-center\",\"padding\":\"xsmall\",\"padding_remove_top\":true,\"padding_remove_bottom\":false},\"children\":[{\"type\":\"row\",\"props\":{\"layout\":\"1-4,1-2,1-4\",\"margin_remove_top\":false,\"column_gap\":\"small\",\"row_gap\":\"small\"},\"children\":[{\"type\":\"column\",\"props\":{\"image_position\":\"center-center\",\"media_overlay_gradient\":\"\",\"width_medium\":\"1-4\",\"vertical_align\":\"middle\",\"style\":\"muted\",\"padding\":\"xsmall\"},\"children\":[{\"type\":\"text\",\"props\":{\"margin\":\"default\",\"column_breakpoint\":\"m\",\"content\":\"\n\n<p>1<\\\/p>\",\"text_align\":\"center\"}}]},{\"type\":\"column\",\"props\":{\"image_position\":\"center-center\",\"media_overlay_gradient\":\"\",\"width_medium\":\"1-2\",\"style\":\"muted\",\"padding\":\"xsmall\"},\"children\":[{\"type\":\"text\",\"props\":{\"margin\":\"default\",\"column_breakpoint\":\"m\",\"content\":\"\n\n<p>Conservaci\\u00f3n, restauraci\\u00f3n y manejo de ecosistemas en cuencas orientales que aportan con agua a Quito<\\\/p>\"}}]},{\"type\":\"column\",\"props\":{\"image_position\":\"center-center\",\"media_overlay_gradient\":\"\",\"width_medium\":\"1-4\",\"vertical_align\":\"middle\",\"style\":\"muted\",\"padding\":\"xsmall\"},\"children\":[{\"type\":\"text\",\"props\":{\"margin\":\"default\",\"column_breakpoint\":\"m\",\"content\":\"\n\n<p>FONAG<\\\/p>\",\"text_align\":\"center\"}}]}]},{\"type\":\"row\",\"props\":{\"layout\":\"1-4,1-2,1-4\",\"margin_remove_top\":false,\"column_gap\":\"small\",\"row_gap\":\"small\"},\"children\":[{\"type\":\"column\",\"props\":{\"image_position\":\"center-center\",\"media_overlay_gradient\":\"\",\"width_medium\":\"1-4\",\"vertical_align\":\"middle\",\"style\":\"muted\",\"padding\":\"xsmall\"},\"children\":[{\"type\":\"text\",\"props\":{\"margin\":\"default\",\"column_breakpoint\":\"m\",\"content\":\"\n\n<p>2<\\\/p>\",\"text_align\":\"center\"}}]},{\"type\":\"column\",\"props\":{\"image_position\":\"center-center\",\"media_overlay_gradient\":\"\",\"width_medium\":\"1-2\",\"style\":\"muted\",\"padding\":\"xsmall\"},\"children\":[{\"type\":\"text\",\"props\":{\"margin\":\"default\",\"column_breakpoint\":\"m\",\"content\":\"\n\n<p>Conservaci\\u00f3n del recurso h\\u00eddrico y entorno ecol\\u00f3gico en la cuenca del R\\u00edo Paute<\\\/p>\"}}]},{\"type\":\"column\",\"props\":{\"image_position\":\"center-center\",\"media_overlay_gradient\":\"\",\"width_medium\":\"1-4\",\"vertical_align\":\"middle\",\"style\":\"muted\",\"padding\":\"xsmall\"},\"children\":[{\"type\":\"text\",\"props\":{\"margin\":\"default\",\"column_breakpoint\":\"m\",\"content\":\"\n\n<p>FONAPA<\\\/p>\",\"text_align\":\"center\"}}]}]},{\"type\":\"row\",\"props\":{\"layout\":\"1-4,1-2,1-4\",\"margin_remove_top\":false,\"column_gap\":\"small\",\"row_gap\":\"small\"},\"children\":[{\"type\":\"column\",\"props\":{\"image_position\":\"center-center\",\"media_overlay_gradient\":\"\",\"width_medium\":\"1-4\",\"vertical_align\":\"middle\",\"style\":\"muted\",\"padding\":\"xsmall\"},\"children\":[{\"type\":\"text\",\"props\":{\"margin\":\"default\",\"column_breakpoint\":\"m\",\"content\":\"\n\n<p>3<\\\/p>\",\"text_align\":\"center\"}}]},{\"type\":\"column\",\"props\":{\"image_position\":\"center-center\",\"media_overlay_gradient\":\"\",\"width_medium\":\"1-2\",\"style\":\"muted\",\"padding\":\"xsmall\"},\"children\":[{\"type\":\"text\",\"props\":{\"margin\":\"default\",\"column_breakpoint\":\"m\",\"content\":\"\n\n<p>Creaci\\u00f3n, ampliaci\\u00f3n, manejo y monitoreo de las \\u00e1reas de reservas de los GAD en las provincias de Loja y Zamora<\\\/p>\"}}]},{\"type\":\"column\",\"props\":{\"image_position\":\"center-center\",\"media_overlay_gradient\":\"\",\"width_medium\":\"1-4\",\"vertical_align\":\"middle\",\"style\":\"muted\",\"padding\":\"xsmall\"},\"children\":[{\"type\":\"text\",\"props\":{\"margin\":\"default\",\"column_breakpoint\":\"m\",\"content\":\"\n\n<p>FORAGUA<\\\/p>\",\"text_align\":\"center\"}}]}]},{\"type\":\"row\",\"props\":{\"layout\":\"1-4,1-2,1-4\",\"margin_remove_top\":false,\"column_gap\":\"small\",\"row_gap\":\"small\"},\"children\":[{\"type\":\"column\",\"props\":{\"image_position\":\"center-center\",\"media_overlay_gradient\":\"\",\"width_medium\":\"1-4\",\"vertical_align\":\"middle\",\"style\":\"muted\",\"padding\":\"xsmall\"},\"children\":[{\"type\":\"text\",\"props\":{\"margin\":\"default\",\"column_breakpoint\":\"m\",\"content\":\"\n\n<p>4<\\\/p>\",\"text_align\":\"center\"}}]},{\"type\":\"column\",\"props\":{\"image_position\":\"center-center\",\"media_overlay_gradient\":\"\",\"width_medium\":\"1-2\",\"style\":\"muted\",\"padding\":\"xsmall\"},\"children\":[{\"type\":\"text\",\"props\":{\"margin\":\"default\",\"column_breakpoint\":\"m\",\"content\":\"\n\n<p>Mitigar la deforestaci\\u00f3n y degradaci\\u00f3n de los bosques nativos mediante la implementaci\\u00f3n de un modelo de gesti\\u00f3n forestal sostenible<\\\/p>\"}}]},{\"type\":\"column\",\"props\":{\"image_position\":\"center-center\",\"media_overlay_gradient\":\"\",\"width_medium\":\"1-4\",\"vertical_align\":\"middle\",\"style\":\"muted\",\"padding\":\"xsmall\"},\"children\":[{\"type\":\"text\",\"props\":{\"margin\":\"default\",\"column_breakpoint\":\"m\",\"content\":\"\n\n<p>VERDECANANDE S.A.<\\\/p>\",\"text_align\":\"center\"}}]}]}]},{\"type\":\"section\",\"props\":{\"style\":\"default\",\"width\":\"default\",\"vertical_align\":\"middle\",\"title_position\":\"top-left\",\"title_rotation\":\"left\",\"title_breakpoint\":\"xl\",\"image_position\":\"center-center\",\"padding_remove_bottom\":true,\"padding_remove_top\":true},\"children\":[{\"type\":\"row\",\"children\":[{\"type\":\"column\",\"props\":{\"image_position\":\"center-center\",\"media_overlay_gradient\":\"\",\"style\":\"secondary\",\"padding\":\"xsmall\"},\"children\":[{\"type\":\"headline\",\"props\":{\"title_element\":\"h5\",\"content\":\"Planes de Implementaci\\u00f3n Parcialmente Financiados\",\"title_font_family\":\"primary\",\"title_style\":\"h5\",\"text_align\":\"center\"}}]}]}]},{\"type\":\"section\",\"props\":{\"style\":\"default\",\"width\":\"default\",\"vertical_align\":\"middle\",\"title_position\":\"top-left\",\"title_rotation\":\"left\",\"title_breakpoint\":\"xl\",\"image_position\":\"center-center\",\"padding_remove_top\":true,\"padding\":\"xsmall\",\"padding_remove_bottom\":true},\"children\":[{\"type\":\"row\",\"props\":{\"layout\":\"1-4,1-2,1-4\",\"row_gap\":\"small\",\"divider\":false,\"match\":false,\"column_gap\":\"small\"},\"children\":[{\"type\":\"column\",\"props\":{\"image_position\":\"center-center\",\"media_overlay_gradient\":\"\",\"width_medium\":\"1-4\",\"style\":\"primary\",\"padding\":\"xsmall\"},\"children\":[{\"type\":\"text\",\"props\":{\"margin\":\"default\",\"column_breakpoint\":\"m\",\"content\":\"\n\n<p><strong>N\\u00famero de Plan<\\\/strong><\\\/p>\",\"text_align\":\"center\",\"css\":\".el-element {color: #fff;}\"}}]},{\"type\":\"column\",\"props\":{\"image_position\":\"center-center\",\"media_overlay_gradient\":\"\",\"width_medium\":\"1-2\",\"style\":\"primary\",\"padding\":\"xsmall\"},\"children\":[{\"type\":\"text\",\"props\":{\"margin\":\"default\",\"column_breakpoint\":\"m\",\"content\":\"\n\n<p><strong>Plan de Implementaci\\u00f3n<\\\/strong><\\\/p>\",\"text_align\":\"center\",\"css\":\".el-element {color: #fff;}\"}}]},{\"type\":\"column\",\"props\":{\"image_position\":\"center-center\",\"media_overlay_gradient\":\"\",\"width_medium\":\"1-4\",\"style\":\"primary\",\"padding\":\"xsmall\",\"preserve_color\":false},\"children\":[{\"type\":\"text\",\"props\":{\"margin\":\"default\",\"column_breakpoint\":\"m\",\"content\":\"\n\n<p><strong>Socios Implementadores<\\\/strong><\\\/p>\",\"text_align\":\"center\",\"css\":\".el-element {color: #fff;}\"}}]}]}]},{\"type\":\"section\",\"props\":{\"style\":\"default\",\"width\":\"default\",\"vertical_align\":\"middle\",\"title_position\":\"top-left\",\"title_rotation\":\"left\",\"title_breakpoint\":\"xl\",\"image_position\":\"center-center\",\"padding_remove_bottom\":true,\"padding_remove_top\":true},\"children\":[{\"type\":\"row\",\"props\":{\"layout\":\"1-4,1-2,1-4\",\"margin_remove_top\":false,\"column_gap\":\"small\",\"row_gap\":\"small\"},\"children\":[{\"type\":\"column\",\"props\":{\"image_position\":\"center-center\",\"media_overlay_gradient\":\"\",\"width_medium\":\"1-4\",\"vertical_align\":\"middle\",\"style\":\"muted\",\"padding\":\"xsmall\"},\"children\":[{\"type\":\"text\",\"props\":{\"margin\":\"default\",\"column_breakpoint\":\"m\",\"content\":\"\n\n<p>5<\\\/p>\",\"text_align\":\"center\"}}]},{\"type\":\"column\",\"props\":{\"image_position\":\"center-center\",\"media_overlay_gradient\":\"\",\"width_medium\":\"1-2\",\"style\":\"muted\",\"padding\":\"xsmall\"},\"children\":[{\"type\":\"text\",\"props\":{\"margin\":\"default\",\"column_breakpoint\":\"m\",\"content\":\"\n\n<p><\\\/p>\\n\n\n<p>Gesti\\u00f3n Hol\\u00edstica de los Bosques, Biodiversidad y Territorios en las Nacionalidades Amaz\\u00f3nicas para combatir el Cambio Clim\\u00e1tico<\\\/p>\"}}]},{\"type\":\"column\",\"props\":{\"image_position\":\"center-center\",\"media_overlay_gradient\":\"\",\"width_medium\":\"1-4\",\"vertical_align\":\"middle\",\"style\":\"muted\",\"padding\":\"xsmall\"},\"children\":[{\"type\":\"text\",\"props\":{\"margin\":\"default\",\"column_breakpoint\":\"m\",\"content\":\"\n\n<p>Confederaci\\u00f3n de Nacionalidades Ind\\u00edgenas Amaz\\u00f3nicas del Ecuador (CONFENIAE)<\\\/p>\",\"text_align\":\"center\"}}]}]},{\"type\":\"row\",\"props\":{\"layout\":\"1-4,1-2,1-4\",\"margin_remove_top\":false,\"column_gap\":\"small\",\"row_gap\":\"small\"},\"children\":[{\"type\":\"column\",\"props\":{\"image_position\":\"center-center\",\"media_overlay_gradient\":\"\",\"width_medium\":\"1-4\",\"vertical_align\":\"middle\",\"style\":\"muted\",\"padding\":\"xsmall\"},\"children\":[{\"type\":\"text\",\"props\":{\"margin\":\"default\",\"column_breakpoint\":\"m\",\"content\":\"\n\n<p>6<\\\/p>\",\"text_align\":\"center\"}}]},{\"type\":\"column\",\"props\":{\"image_position\":\"center-center\",\"media_overlay_gradient\":\"\",\"width_medium\":\"1-2\",\"style\":\"muted\",\"padding\":\"xsmall\"},\"children\":[{\"type\":\"text\",\"props\":{\"margin\":\"default\",\"column_breakpoint\":\"m\",\"content\":\"\n\n<p><\\\/p>\\n\n\n<p>Proyecto Agroforestal San Pablo del Lago<\\\/p>\"}}]},{\"type\":\"column\",\"props\":{\"image_position\":\"center-center\",\"media_overlay_gradient\":\"\",\"width_medium\":\"1-4\",\"vertical_align\":\"middle\",\"style\":\"muted\",\"padding\":\"xsmall\"},\"children\":[{\"type\":\"text\",\"props\":{\"margin\":\"default\",\"column_breakpoint\":\"m\",\"content\":\"\n\n<p>Consorcio GS Agroforestal San Pablo del Lago<\\\/p>\",\"text_align\":\"center\"}}]}]},{\"type\":\"row\",\"props\":{\"layout\":\"1-4,1-2,1-4\",\"margin_remove_top\":false,\"column_gap\":\"small\",\"row_gap\":\"small\"},\"children\":[{\"type\":\"column\",\"props\":{\"image_position\":\"center-center\",\"media_overlay_gradient\":\"\",\"width_medium\":\"1-4\",\"vertical_align\":\"middle\",\"style\":\"muted\",\"padding\":\"xsmall\"},\"children\":[{\"type\":\"text\",\"props\":{\"margin\":\"default\",\"column_breakpoint\":\"m\",\"content\":\"\n\n<p>7<\\\/p>\",\"text_align\":\"center\"}}]},{\"type\":\"column\",\"props\":{\"image_position\":\"center-center\",\"media_overlay_gradient\":\"\",\"width_medium\":\"1-2\",\"style\":\"muted\",\"padding\":\"xsmall\"},\"children\":[{\"type\":\"text\",\"props\":{\"margin\":\"default\",\"column_breakpoint\":\"m\",\"content\":\"\n\n<p><\\\/p>\\n\n\n<p>Plan de Implementaci\\u00f3n de la Provincia de Pastaza<\\\/p>\"}}]},{\"type\":\"column\",\"props\":{\"image_position\":\"center-center\",\"media_overlay_gradient\":\"\",\"width_medium\":\"1-4\",\"vertical_align\":\"middle\",\"style\":\"muted\",\"padding\":\"xsmall\"},\"children\":[{\"type\":\"text\",\"props\":{\"margin\":\"default\",\"column_breakpoint\":\"m\",\"content\":\"\n\n<p>Gobierno Aut\\u00f3nomo Descentralizado Provincial de Pastaza<\\\/p>\",\"text_align\":\"center\"}}]}]}]},{\"type\":\"section\",\"props\":{\"style\":\"default\",\"width\":\"default\",\"vertical_align\":\"middle\",\"title_position\":\"top-left\",\"title_rotation\":\"left\",\"title_breakpoint\":\"xl\",\"image_position\":\"center-center\",\"padding_remove_top\":true,\"padding\":\"xsmall\",\"padding_remove_bottom\":true},\"children\":[{\"type\":\"row\",\"children\":[{\"type\":\"column\",\"props\":{\"image_position\":\"center-center\",\"media_overlay_gradient\":\"\"},\"children\":[]}]}]},{\"type\":\"section\",\"props\":{\"style\":\"default\",\"width\":\"default\",\"vertical_align\":\"middle\",\"title_position\":\"top-left\",\"title_rotation\":\"left\",\"title_breakpoint\":\"xl\",\"image_position\":\"center-center\",\"padding\":\"small\",\"padding_remove_top\":true,\"padding_remove_bottom\":false},\"children\":[{\"type\":\"row\",\"children\":[{\"type\":\"column\",\"props\":{\"image_position\":\"center-center\",\"media_overlay_gradient\":\"\"},\"children\":[]}]}]}],\"version\":\"2.4.16\"} --><\/p>\n","protected":false},"excerpt":{"rendered":"<p>Planes de Implementaci\u00f3n Los Planes de Implementaci\u00f3n de Medidas y Acciones son documentos de planificaci\u00f3n que tienen como objetivo principal aportar en la implementaci\u00f3n del Plan de Acci\u00f3n REDD+ y su operativizaci\u00f3n. Estos planes pueden ser elaborados e implementados por instituciones p\u00fablicas y\/o privadas que buscan vincular acciones propias para la reducci\u00f3n de emisiones por [&hellip;]<\/p>\n","protected":false},"author":1,"featured_media":0,"parent":0,"menu_order":0,"comment_status":"closed","ping_status":"closed","template":"","meta":{"_monsterinsights_skip_tracking":false,"_monsterinsights_sitenote_active":false,"_monsterinsights_sitenote_note":"","_monsterinsights_sitenote_category":0,"footnotes":""},"class_list":["post-1819","page","type-page","status-publish","hentry"],"_links":{"self":[{"href":"https:\/\/reddecuador.ambiente.gob.ec\/redd\/index.php?rest_route=\/wp\/v2\/pages\/1819","targetHints":{"allow":["GET"]}}],"collection":[{"href":"https:\/\/reddecuador.ambiente.gob.ec\/redd\/index.php?rest_route=\/wp\/v2\/pages"}],"about":[{"href":"https:\/\/reddecuador.ambiente.gob.ec\/redd\/index.php?rest_route=\/wp\/v2\/types\/page"}],"author":[{"embeddable":true,"href":"https:\/\/reddecuador.ambiente.gob.ec\/redd\/index.php?rest_route=\/wp\/v2\/users\/1"}],"replies":[{"embeddable":true,"href":"https:\/\/reddecuador.ambiente.gob.ec\/redd\/index.php?rest_route=%2Fwp%2Fv2%2Fcomments&post=1819"}],"version-history":[{"count":95,"href":"https:\/\/reddecuador.ambiente.gob.ec\/redd\/index.php?rest_route=\/wp\/v2\/pages\/1819\/revisions"}],"predecessor-version":[{"id":2412,"href":"https:\/\/reddecuador.ambiente.gob.ec\/redd\/index.php?rest_route=\/wp\/v2\/pages\/1819\/revisions\/2412"}],"wp:attachment":[{"href":"https:\/\/reddecuador.ambiente.gob.ec\/redd\/index.php?rest_route=%2Fwp%2Fv2%2Fmedia&parent=1819"}],"curies":[{"name":"wp","href":"https:\/\/api.w.org\/{rel}","templated":true}]}}